{"id":26707,"date":"2023-09-04T15:04:23","date_gmt":"2023-09-04T13:04:23","guid":{"rendered":"https:\/\/www.grandsformats.com\/?page_id=26707"},"modified":"2023-12-04T11:11:26","modified_gmt":"2023-12-04T10:11:26","slug":"rentree-grands-formats-2023","status":"publish","type":"page","link":"https:\/\/www.grandsformats.com\/en\/rentree-grands-formats-2023\/","title":{"rendered":"Rentr\u00e9e Grands Formats 2023"},"content":{"rendered":"<div class=\"wpb-content-wrapper\"><p>[vc_row equal_height=&#8221;&#8221; background_type=&#8221;image&#8221; background_img=&#8221;26718&#8243; background_repeat=&#8221;repeat&#8221; background_img_lazyload=&#8221;1&#8243; shift_y=&#8221;0&#8243; z_index=&#8221;0&#8243;][vc_column][vc_custom_heading text=&#8221;Twenty years of great music is something to celebrate!&#8221; font_size=&#8221;35&#8243; color=&#8221;white&#8221; css_animation=&#8221;fade-up&#8221; css=&#8221;.vc_custom_1693832585568{padding-right: 10% !important;padding-left: 10% !important;}&#8221;][vc_column_text css=&#8221;.vc_custom_1693833847134{padding-right: 10% !important;padding-left: 10% !important;}&#8221;]<\/p>\n<p style=\"text-align: center;\"><span style=\"font-size: 12pt;\"><strong><span style=\"color: #ffffff;\">La Rentr\u00e9e Grands Formats is back from 12 October to 16 December 2023 for a brand new 17th edition to mark the federation&#8217;s 20th anniversary. For nearly two months, you can enjoy nearly eighty jazz and improvised music concerts in France, Europe and beyond!<\/span><\/strong><\/span><\/p>\n<p style=\"text-align: center;\" data-testid=\"riELDeRmL\"><span style=\"color: #ffffff;\">More than ever, Grands Formats is celebrating the great jazz and improvised music ensembles and collectives with a programme that reflects the musical diversity and boundless creativity of the federation&#8217;s members.<\/span><\/p>\n<p style=\"text-align: center;\" data-testid=\"riELDeRmL\"><strong><span style=\"color: #ffffff;\">The Rentr\u00e9e Grands Formats 2023 will culminate in a special event in Paris on 15 and 16 December 2023 in partnership with the M\u00e9diath\u00e8que Musicale de Paris, Radio France \/ France Musique and the CRR de Paris.<\/span><\/strong><\/p>\n<p>[\/vc_column_text][\/vc_column][\/vc_row][vc_row equal_height=&#8221;&#8221; background_type=&#8221;image&#8221; background_color=&#8221;lightergrey&#8221; background_img_lazyload=&#8221;1&#8243; shift_y=&#8221;0&#8243; z_index=&#8221;0&#8243; css=&#8221;.vc_custom_1634569717943{border-top-width: 10% !important;border-bottom-width: 10% !important;padding-top: 5% !important;}&#8221;][vc_column width=&#8221;1\/2&#8243; shift_x=&#8221;0&#8243; shift_y=&#8221;0&#8243; z_index=&#8221;0&#8243;][vc_column_text]<\/p>\n<h3>CONCERTS FROM 12.10 TO 16.12<\/h3>\n<p class=\"p1\">12\/10 \u2013 <a href=\"https:\/\/www.grandsformats.com\/artist\/collectif-la-boutique\/\">Collectif La Boutique<\/a> @ Paris (75)<br \/>\n14\/10 \u2013 <a href=\"https:\/\/www.grandsformats.com\/artist\/Orchestre-Franck-Tortiller\/\">Orchestre Franck Tortiller<\/a> @ \u00c9tampes (91)<br \/>\n13\/10 &gt; 15\/10 \u2013 <a href=\"https:\/\/www.grandsformats.com\/artist\/pegazz-et-lhelicon\/\">P\u00e9gazz Festival<\/a> @ Fontenay-sous-Bois (94)<br \/>\n14\/10 \u2013 <a href=\"https:\/\/www.grandsformats.com\/artist\/les-musiques-a-ouir\/\">Festival L\u2019Ou\u00efe cyclette<\/a> @ Pantin (93)<br \/>\n16\/10 \u2013 <a href=\"https:\/\/www.grandsformats.com\/artist\/loeuf-big-band\/\">L\u2019Oeuf Big Band<\/a> @ Villeurbanne (69)<br \/>\n17\/10 &#8211; 18\/10 \u2013 <a href=\"https:\/\/www.grandsformats.com\/artist\/compagnie-imperial\/\">Grand Tabaz\u00f9<\/a> @ Rive-de-Gier (42)<br \/>\n18\/10 \u2013 <a href=\"https:\/\/www.grandsformats.com\/artist\/arfi\/\">Bobine M\u00e9lodies 2<\/a> @ Alby-sur-Ch\u00e9ran (74)<br \/>\n19\/10 \u2013 <a href=\"https:\/\/www.grandsformats.com\/artist\/compagnie-imperial\/\">Grand Tabaz\u00f9<\/a> @ Saint-Chamond (42)<br \/>\n21\/10 \u2013 <a href=\"https:\/\/www.grandsformats.com\/artist\/veston-leger\/\">Ultra Light Blazer<\/a> @ Chalon-sur-Sa\u00f4ne (71)<br \/>\n21\/10 \u2013 <a href=\"https:\/\/www.grandsformats.com\/artist\/arfi\/\">La Souplesse de la Baleine<\/a> @ Montalieu-Vercieu (38)<br \/>\n22\/10 &#8211; 23\/10 \u2013 <a href=\"https:\/\/www.grandsformats.com\/artist\/Orchestre-National-de-Jazz\/\">Orchestre National de Jazz<\/a> @ Trois-Rivi\u00e8res (Canada)<br \/>\n24\/10 \u2013 <a href=\"https:\/\/www.grandsformats.com\/artist\/Orchestre-National-de-Jazz\/\">Orchestre National de Jazz<\/a> @ Qu\u00e9bec (Canada)<br \/>\n25\/10 \u2013 <a href=\"https:\/\/www.grandsformats.com\/artist\/les-vibrants-defricheurs\/\">Pierre Feuille Loup<\/a> @ Lamure-sur-Azergues (69) et M\u00e2con (71)<br \/>\n25\/10 \u2013 <a href=\"https:\/\/www.grandsformats.com\/artist\/arfi\/\">Lozen<\/a> @ Chaponost (69)<br \/>\n25\/10 \u2013 <a href=\"https:\/\/www.grandsformats.com\/artist\/le-tympan\/\">Ver\u00f8na &amp; Ola Asdahl Rokkones<\/a> @ Mo i Rana (Norv\u00e8ge)<br \/>\n25\/10 &#8211; 26\/10 \u2013 <a href=\"https:\/\/www.grandsformats.com\/artist\/Orchestre-National-de-Jazz\/\">Orchestre National de Jazz<\/a> @ Saguenay (Canada)<br \/>\n26\/10 \u2013 <a href=\"https:\/\/www.grandsformats.com\/artist\/laurent-Mignard-Duke-Orchestra\/\">Laurent Mignard Duke Orchestra<\/a> @ Paris (75)<br \/>\n27\/10 \u2013 <a href=\"https:\/\/www.grandsformats.com\/artist\/le-tympan\/\">Ver\u00f8na &amp; Ola Asdahl Rokkones<\/a> @ Bod\u00f8 (Norv\u00e8ge)<br \/>\n28\/10 \u2013 <a href=\"https:\/\/www.grandsformats.com\/artist\/le-tympan\/\">Ver\u00f8na &amp; Ola Asdahl Rokkones<\/a> @ Narvik (Norv\u00e8ge)<br \/>\n28\/10 \u2013 <a href=\"https:\/\/www.grandsformats.com\/artist\/les-musiques-a-ouir\/\">Festival L\u2019Ou\u00efe cyclette<\/a> @ Montreuil (93)<br \/>\n29\/10 \u2013 <a href=\"https:\/\/www.grandsformats.com\/artist\/Cologne-Contemporary-Jazz-Orchestra\/\">Cologne Contemporary Jazz Orchestra<\/a> feat. Claudia D\u00f6ffinger @ Wipperf\u00fcrth (Allemagne)<br \/>\n31\/10 \u2013 <a href=\"https:\/\/www.grandsformats.com\/artist\/le-tympan\/\">Ver\u00f8na &amp; Ola Asdahl Rokkones<\/a> @ Vads\u00f8 (Norv\u00e8ge)<br \/>\n31\/10 \u2013 <a href=\"https:\/\/www.grandsformats.com\/artist\/les-musiques-a-ouir\/\">Aur\u00e9lie Saraf<\/a> @ Nancy (54)<br \/>\n01\/11 \u2013 <a href=\"https:\/\/www.grandsformats.com\/artist\/le-tympan\/\">Ver\u00f8na &amp; Ola Asdahl Rokkones<\/a> @ Hammerfest (Norv\u00e8ge)<br \/>\n01\/11 \u2013 <a href=\"https:\/\/www.grandsformats.com\/artist\/Clasijazz-Big-Band\/\">Clasijazz Big Band<\/a> (ft. Mar\u00eda Schneider) @ S\u00e9ville (Espagne)<br \/>\n02\/11 \u2013 <a href=\"https:\/\/www.grandsformats.com\/artist\/Jazz-Station-Big-Band\/\">Jazz Station Big Band<\/a> @ Bruxelles (Belgique)<br \/>\n02\/11 \u2013 <a href=\"https:\/\/www.grandsformats.com\/artist\/arfi\/\">La Marmite Infernale<\/a> @ Lyon (69)<br \/>\n03\/11 \u2013 <a href=\"https:\/\/www.grandsformats.com\/artist\/compagnie-imperial\/\">Imp\u00e9rial Orph\u00e9on<\/a> @ Saint-Pierre-Roche (63)<br \/>\n03\/11 \u2013 <a href=\"https:\/\/www.grandsformats.com\/artist\/le-tympan\/\">Ver\u00f8na &amp; Ola Asdahl Rokkones<\/a> @ Troms\u00f8 (Norv\u00e8ge)<br \/>\n05\/11 \u2013 <a href=\"https:\/\/www.grandsformats.com\/artist\/Clasijazz-Big-Band\/\">Clasijazz Big Band<\/a> (ft. Mar\u00eda Schneider) @ Almer\u00eda (Espagne)<br \/>\n05\/11 \u2013 <a href=\"https:\/\/www.grandsformats.com\/artist\/les-musiques-a-ouir\/\">Festival L\u2019Ou\u00efe cyclette<\/a> @ Saint-Contest (14)<br \/>\n08\/11 \u2013 <a href=\"https:\/\/www.grandsformats.com\/artist\/arfi\/\">Lozen<\/a> @ Grenoble (38)<br \/>\n09\/11 \u2013 <a href=\"https:\/\/www.grandsformats.com\/artist\/pousse-pousse-production\/\">Dehors\/Dedans<\/a> @ Paris (75)<br \/>\n10\/11 \u2013 <a href=\"https:\/\/www.grandsformats.com\/artist\/Orchestre-National-de-Jazz\/\">Orchestre National de Jazz<\/a> @ Vincennes (94)<br \/>\n11\/11 \u2013 <a href=\"https:\/\/www.grandsformats.com\/artist\/Orchestre-National-de-Jazz\/\">Orchestre National de Jazz<\/a> @ Strasbourg (67)<br \/>\n11\/11 \u2013 <a href=\"https:\/\/www.grandsformats.com\/artist\/Orchestre-Incandescent\/\">Orchestre Incandescent<\/a> @ Nevers (58)<br \/>\n12\/11 \u2013 <a href=\"https:\/\/www.grandsformats.com\/artist\/les-musiques-a-ouir\/\">Festival L\u2019Ou\u00efe cyclette<\/a> @ Ry (76)<br \/>\n15\/11 \u2013 <a href=\"https:\/\/www.grandsformats.com\/artist\/les-vibrants-defricheurs\/\">Papanosh<\/a> @ Reims (51)<br \/>\n16\/11 \u2013 <a href=\"https:\/\/www.grandsformats.com\/artist\/pousse-pousse-production\/\">Dehors\/Dedans<\/a> @ Paris (75)<br \/>\n16\/11 &#8211; 17\/11 \u2013 <a href=\"https:\/\/www.grandsformats.com\/artist\/Orchestre-National-de-Jazz\/\">Orchestre National de Jazz<\/a> @ Tours (37)<br \/>\n18\/11 \u2013 <a href=\"https:\/\/www.grandsformats.com\/artist\/Umlaut-Big-Band\/\">Umlaut Big Band<\/a> @ Paris (75)<br \/>\n18\/11 \u2013 <a href=\"https:\/\/www.grandsformats.com\/artist\/Leila-Olivesi-Octet\/\">Le\u00efla Olivesi Octet<\/a> @ Nevers (58)<br \/>\n19\/11 &#8211; 20\/11 \u2013 <a href=\"https:\/\/www.grandsformats.com\/artist\/Orchestre-National-de-Jazz\/\">Orchestre National de Jazz<\/a> @ Argenteuil (95)<br \/>\n19\/11 \u2013 <a href=\"https:\/\/www.grandsformats.com\/artist\/les-musiques-a-ouir\/\">Les \u00c9tranger Familiers<\/a> @ Aulnoye-Aymeries (59)<br \/>\n20\/11 \u2013 <a href=\"https:\/\/www.grandsformats.com\/artist\/arfi\/\">La Nuit des morts-vivants<\/a> @ Brignais (69)<br \/>\n22\/11 \u2013 <a href=\"https:\/\/www.grandsformats.com\/artist\/les-musiques-a-ouir\/\">Cin\u00e9-concert &#8220;The Ring&#8221; d\u2019Alfred Hitchcock<\/a> @ Toulouse (31)<br \/>\n23\/11 &gt; 26\/11 \u2013 <a href=\"https:\/\/www.grandsformats.com\/artist\/laurent-Mignard-Duke-Orchestra\/\">Laurent Mignard Duke Orchestra<\/a> @ Paris (75)<br \/>\n23\/11 \u2013 <a href=\"https:\/\/www.grandsformats.com\/artist\/pousse-pousse-production\/\">Dehors\/Dedans<\/a> @ Paris (75)<br \/>\n24\/11 \u2013 <a href=\"https:\/\/www.grandsformats.com\/artist\/Fred-Pallem-le-Sacre-du-Tympan\/\">Fred Pallem &amp; Le Sacre du Tympan<\/a> @ Quimper (29)<br \/>\n25\/11 \u2013 <a href=\"https:\/\/www.grandsformats.com\/artist\/Cologne-Contemporary-Jazz-Orchestra\/\">Cologne Contemporary Jazz Orchestra<\/a> feat. Ivo Neame @ Dortmund (Allemagne)<br \/>\n25\/11 \u2013 <a href=\"https:\/\/www.grandsformats.com\/artist\/Orchestre-National-de-Jazz\/\">Orchestre National de Jazz<\/a> @ Antony (92)<br \/>\n25\/11 \u2013 <a href=\"https:\/\/www.grandsformats.com\/artist\/le-tympan\/\">Ver\u00f8na &amp; Ola Asdahl Rokkones<\/a> @ Caen (14)<br \/>\n26\/11 \u2013 <a href=\"https:\/\/www.grandsformats.com\/artist\/Cologne-Contemporary-Jazz-Orchestra\/\">Cologne Contemporary Jazz Orchestra<\/a> feat. Ivo Neame @ Cologne (Allemagne)<br \/>\n30\/11 \u2013 <a href=\"https:\/\/www.grandsformats.com\/artist\/pousse-pousse-production\/\">Dehors\/Dedans<\/a> @ Paris (75)<br \/>\n30\/11 &#8211; 01\/12 \u2013 <a href=\"https:\/\/www.grandsformats.com\/artist\/Orchestre-National-de-Jazz\/\">Orchestre National de Jazz<\/a> @ La Roche-sur-Yon (85)<br \/>\n01\/12 \u2013 <a href=\"https:\/\/www.grandsformats.com\/artist\/laurent-Mignard-Duke-Orchestra\/\">Laurent Mignard Duke Orchestra<\/a> @ Pontoise (95)<br \/>\n01\/12 \u2013 <a href=\"https:\/\/www.grandsformats.com\/artist\/les-musiques-a-ouir\/\">Festival L\u2019Ou\u00efe cyclette<\/a> @ Seine-Maritime (76)<br \/>\n03\/12 \u2013 <a href=\"https:\/\/www.grandsformats.com\/artist\/les-musiques-a-ouir\/\">Festival L\u2019Ou\u00efe cyclette<\/a> @ Gravigny (27)<br \/>\n05\/12 \u2013 <a href=\"https:\/\/www.grandsformats.com\/artist\/Moger-Orchestra\/\">Moger Orchestra<\/a> @ Rennes (35)<br \/>\n06\/12 \u2013 <a href=\"https:\/\/www.grandsformats.com\/artist\/Leila-Olivesi-Octet\/\">Le\u00efla Olivesi Octet<\/a> @ Rouen (76)<br \/>\n07\/12 \u2013 David Linx and the <a href=\"https:\/\/www.grandsformats.com\/artist\/Jazz-Station-Big-Band\/\">Jazz Station Big Band<\/a> @ Bruxelles (Belgique)<br \/>\n08\/12 \u2013 <a href=\"https:\/\/www.grandsformats.com\/artist\/arfi\/\">La Ferme des Animaux<\/a> @ Villefranche (69)<br \/>\n12\/12 \u2013 <a href=\"https:\/\/www.grandsformats.com\/artist\/Nikolov-Ivanovic-Undectet\/\">Nikolov-Ivanovic Undectet<\/a> @ Skopje (Mac\u00e9doine)<br \/>\n15\/12 \u2013 <a href=\"https:\/\/www.grandsformats.com\/artist\/les-musiques-a-ouir\/\">Festival L\u2019Ou\u00efe cyclette<\/a> @ Sotteville-l\u00e8s-Rouen (76)<br \/>\n15\/12 \u2013 <a href=\"https:\/\/www.grandsformats.com\/artist\/Kami-Octet\/\">Kami Octet<\/a> @ Ch\u00e2teau-Arnoux-Saint-Auban (04)<\/p>\n<p class=\"p1\"><strong>HIGHLIGHT IN PARIS (75) :<\/strong><br \/>\n15\/12 \u2013 <a href=\"https:\/\/www.grandsformats.com\/artist\/Jazz-Station-Big-Band\/\">Jazz Station Big Band<\/a> invites <a href=\"https:\/\/www.grandsformats.com\/artist\/Clasijazz-Big-Band\/\">Clasijazz Big Band<\/a> &amp; <a href=\"https:\/\/www.grandsformats.com\/artist\/the-tower-jazz-composers-orchestra\/\">Tower Jazz Composers Orchestra<\/a> @ Paris (75)<br \/>\n16\/12 \u2013 <a href=\"https:\/\/www.grandsformats.com\/artist\/Kami-Octet\/\">Kami Octet<\/a> @ Paris (75)<br \/>\n16\/12 \u2013 <a href=\"https:\/\/www.grandsformats.com\/artist\/Laurent-Cugny-Tentet\/\">Laurent Cugny Tentet<\/a> @ Paris (75)<\/p>\n<p>[\/vc_column_text][\/vc_column][vc_column width=&#8221;1\/2&#8243;][vc_column_text]<\/p>\n<h3>HIGHLIGHTS ON 15 AND 16 DECEMBER IN PARIS<\/h3>\n<p><span style=\"text-decoration: underline;\"><strong>Friday 15 December 2023\u00a0<\/strong><\/span><\/p>\n<ul>\n<li><strong>General Assembly of the Grands Formats federation* <\/strong>from 9.30am to 12.30pm at the<span style=\"text-decoration: underline;\"><strong>\u00a0<a href=\"https:\/\/www.paris.fr\/lieux\/mediatheque-musicale-de-paris-mmp-2883\">M\u00e9diath\u00e8que Musicale de Paris (MMP)<\/a><\/strong><\/span><\/li>\n<li><strong><em>Grands Formats<\/em>\u00a0Jam Session <\/strong>from 5 to 6.30pm <span style=\"font-weight: 400;\">led by <strong>Pierre-Antoine Chaffangeon<\/strong> (piano), <strong>Thomas Julienne <\/strong>(double bass) and<strong> Tom Peyron<\/strong> (drums)<\/span><\/li>\n<li><strong>Concert <\/strong>from 8.30pm to 10p.m at the M\u00e9diath\u00e8que Musicale de Paris (MMP): <strong>Jazz Station Big Band (BE) invites the Clasijazz Big Band<\/strong> with conductor Daahoud Salim and trumpeter Jose Carlos Hernandez, and<strong> the Tower Jazz Composers Orchestra<\/strong> with conductor Piero Bittolo Bon and tenor saxophonist Filippo Orefice.<\/li>\n<\/ul>\n<p><span style=\"text-decoration: underline;\"><strong>Saturday 16 December 2023 @ <a href=\"https:\/\/www.maisondelaradioetdelamusique.fr\/\">Maison de la Radio et de la Musique<\/a><\/strong><\/span><\/p>\n<ul>\n<li><strong>Panel<\/strong> from 3.30pm to 5.30pm: &#8220;<em><strong>Territorial, national and European circulation of independent jazz and improvised music artistic teams&#8221;<br \/>\n<\/strong><\/em>In a context of adaptation to the consequences of present and past crises, the diffusion of artistic proposals is, more than ever, a crucial issue, for artistic teams as much as for the promoters themselves. What&#8217;s more, the difficulty of exporting to a wider area is all the greater for larger ensembles. Independent players in jazz and improvised music have a role to play, each in their own right and in cooperation with others, in responding to this problem. The tools they are inventing are all experiments capable of giving new vitality to the sector.Speakers :<\/p>\n<ul>\n<li><strong>Fleurine Verloop-Mehldau<\/strong> singer and president of BiMpro (NL)<\/li>\n<li><strong>Ade Monterreal<\/strong> singer and international project and distribution manager for Clasijazz Big Band (ES)<\/li>\n<li><strong>Steve Mead<\/strong> director of Manchester Jazz Festival<\/li>\n<li><strong>Julien Desprez<\/strong> musician with the COAX collective<\/li>\n<li>Moderation :<strong> Isabelle Lazzarini<\/strong> consultant inspector for creation, artistic education and cultural action at the French Ministry of Culture and Communication<br \/>\n<strong><a href=\"https:\/\/docs.google.com\/forms\/d\/e\/1FAIpQLSdLvRor5qRdpM-ThxGDep03wrLRZuR8j6TVhPl6PB_hzTV22A\/viewform\">&gt; Free &#8211; inscriptions<\/a><\/strong><\/li>\n<\/ul>\n<\/li>\n<li><b>Concert<\/b> from 7pm to 10pm at Studio 104 (Maison de la Radio et de la Musique) :\n<ul>\n<li><em>Workers, une musique populaire<\/em> by <strong>Kami Octet, <\/strong>a large ensemble led by Pascal Charrier. Concert recorded and broadcast on <em>Jazz sur le Vif<\/em> on France Musique.<\/li>\n<li><em>Zeitgeist <\/em>by<strong> Laurent Cugny Tentet<\/strong>, a large ensemble led by Laurent Cugny.<br \/>\n<a href=\"https:\/\/www.maisondelaradioetdelamusique.fr\/evenement\/concert-jazz\/laurent-cugny-tentet-pascal-charrier-kami-octet\"><span style=\"text-decoration: underline;\"><strong>&gt; Tickets\u00a0<\/strong><\/span><\/a><\/li>\n<\/ul>\n<\/li>\n<\/ul>\n<p><span class=\"caption\"><em>*event for Grands Formats members only<\/em><\/span>[\/vc_column_text][vc_column_text]<\/p>\n<h3>AROUND THE EVENT<\/h3>\n<p><span style=\"text-decoration: underline;\"><strong>Masterclass : 15 December, 2-5pm at the Conservatoire de Paris (CRR)<\/strong><\/span><\/p>\n<p>CRR de Paris is joining forces with Grands Formats to organise a masterclass led by guest conductors Daahoud Salim of the Clasijazz Big Band and Piero Bittolo Bon of the Tower Jazz Composers Orchestra.<\/p>\n<p><em>As part of the Rentr\u00e9e Grands Formats 2023 and in partnership with the CRR de Paris. Masterclass only for Conservatoire students.<\/em><\/p>\n<p><span style=\"text-decoration: underline;\"><strong>Grands Formats 20th anniversary cocktail party<\/strong><\/span><\/p>\n<p>Grands Formats is organising an <b>anniversary cocktail party<\/b> on 16 December at the Maison de la Radio et de la Musique prior to the concerts, to which its French and European partners and members are invited.[\/vc_column_text][vc_column_text]<\/p>\n<h3>TEASER<\/h3>\n<div><b>What to expect from this new Rentr\u00e9e Grands Formats?<\/b><\/div>\n<p>[\/vc_column_text][vc_video link=&#8221;https:\/\/www.youtube.com\/watch?v=bkS-Gpk0z90&#8243;][\/vc_column][\/vc_row][vc_row equal_height=&#8221;&#8221; shift_y=&#8221;0&#8243; z_index=&#8221;0&#8243;][vc_column][vc_custom_heading text=&#8221;Partners of the Rentr\u00e9e Grands Formats 2023&#8243; font_size=&#8221;24&#8243; color=&#8221;black&#8221;][vc_single_image image=&#8221;26714&#8243; img_size=&#8221;full&#8221; full_width=&#8221;&#8221; opacity=&#8221;100&#8243;][vc_single_image image=&#8221;26748&#8243; img_size=&#8221;large&#8221; full_width=&#8221;&#8221; onclick=&#8221;custom_link&#8221; opacity=&#8221;100&#8243; max_width=&#8221;80%&#8221; link=&#8221;url:https%3A%2F%2Fwww.radiofrance.fr%2Fmusique%2Fjazz%3Fradio%3Dfrancemusique|title:France%20Musique%20-%20jazz|target:_blank&#8221;][\/vc_column][\/vc_row]<\/p>\n<\/div>","protected":false},"excerpt":{"rendered":"<p>[vc_row equal_height=&#8221;&#8221; background_type=&#8221;image&#8221; background_img=&#8221;26718&#8243; background_repeat=&#8221;repeat&#8221; background_img_lazyload=&#8221;1&#8243; shift_y=&#8221;0&#8243; z_index=&#8221;0&#8243;][vc_column][vc_custom_heading text=&#8221;Twenty years of great music is something to celebrate!&#8221; font_size=&#8221;35&#8243; color=&#8221;white&#8221; css_animation=&#8221;fade-up&#8221; css=&#8221;.vc_custom_1693832585568{padding-right: 10% !important;padding-left: 10% !important;}&#8221;][vc_column_text css=&#8221;.vc_custom_1693833847134{padding-right: 10% !important;padding-left: 10% !important;}&#8221;] La Rentr\u00e9e Grands Formats is back from 12 October to 16 December 2023 for a brand new 17th edition to mark the federation&#8217;s 20th anniversary&#8230;.<\/p>\n<p><a rel=\"bookmark\" class=\"theme-button-text wvc-button wvc-button-size-xs\" href=\"https:\/\/www.grandsformats.com\/en\/rentree-grands-formats-2023\/\"><small class=\"wvc-button-background-fill\"><\/small><span>Continue reading<\/span><\/a><\/p>\n","protected":false},"author":161,"featured_media":26711,"parent":0,"menu_order":0,"comment_status":"closed","ping_status":"closed","template":"","meta":{"_acf_changed":false,"footnotes":""},"class_list":{"0":"post-26707","1":"page","2":"type-page","3":"status-publish","4":"has-post-thumbnail","5":"hentry","6":"entry","7":"clearfix","8":"entry-grid","9":"entry-columns-default","10":"entry-page-module-layout-standard","11":"thumbnail-color-tone-dark","12":"is-youtube","13":"entry-page","15":"entry-page-grid"},"acf":[],"yoast_head":"<!-- This site is optimized with the Yoast SEO plugin v25.8 - https:\/\/yoast.com\/wordpress\/plugins\/seo\/ -->\n<title>Rentr\u00e9e Grands Formats 2023 - Site officiel de la f\u00e9d\u00e9ration Grands Formats<\/title>\n<meta name=\"description\" content=\"La Rentr\u00e9e Grands Formats se d\u00e9roulera du 25 octobre au 24 novembre 2022, avec pr\u00e8s d&#039;une soixantaine de concerts !\" \/>\n<meta name=\"robots\" content=\"index, follow, max-snippet:-1, max-image-preview:large, max-video-preview:-1\" \/>\n<link rel=\"canonical\" href=\"https:\/\/www.grandsformats.com\/en\/rentree-grands-formats-2023\/\" \/>\n<meta property=\"og:locale\" content=\"en_US\" \/>\n<meta property=\"og:type\" content=\"article\" \/>\n<meta property=\"og:title\" content=\"Rentr\u00e9e Grands Formats 2023 - Site officiel de la f\u00e9d\u00e9ration Grands Formats\" \/>\n<meta property=\"og:description\" content=\"La Rentr\u00e9e Grands Formats se d\u00e9roulera du 25 octobre au 24 novembre 2022, avec pr\u00e8s d&#039;une soixantaine de concerts !\" \/>\n<meta property=\"og:url\" content=\"https:\/\/www.grandsformats.com\/en\/rentree-grands-formats-2023\/\" \/>\n<meta property=\"og:site_name\" content=\"Site officiel de la f\u00e9d\u00e9ration Grands Formats\" \/>\n<meta property=\"article:publisher\" content=\"https:\/\/www.facebook.com\/grandsformats\/\" \/>\n<meta property=\"article:modified_time\" content=\"2023-12-04T10:11:26+00:00\" \/>\n<meta property=\"og:image\" content=\"https:\/\/www.grandsformats.com\/wp-content\/uploads\/2023\/09\/ALE-credit-NINA-CHOLET.jpg\" \/>\n\t<meta property=\"og:image:width\" content=\"2048\" \/>\n\t<meta property=\"og:image:height\" content=\"1536\" \/>\n\t<meta property=\"og:image:type\" content=\"image\/jpeg\" \/>\n<meta name=\"twitter:card\" content=\"summary_large_image\" \/>\n<meta name=\"twitter:site\" content=\"@GrandsFormatsGF\" \/>\n<meta name=\"twitter:label1\" content=\"Est. reading time\" \/>\n\t<meta name=\"twitter:data1\" content=\"7 minutes\" \/>\n<script type=\"application\/ld+json\" class=\"yoast-schema-graph\">{\"@context\":\"https:\/\/schema.org\",\"@graph\":[{\"@type\":\"WebPage\",\"@id\":\"https:\/\/www.grandsformats.com\/en\/rentree-grands-formats-2023\/\",\"url\":\"https:\/\/www.grandsformats.com\/en\/rentree-grands-formats-2023\/\",\"name\":\"Rentr\u00e9e Grands Formats 2023 - Site officiel de la f\u00e9d\u00e9ration Grands Formats\",\"isPartOf\":{\"@id\":\"https:\/\/www.grandsformats.com\/#website\"},\"primaryImageOfPage\":{\"@id\":\"https:\/\/www.grandsformats.com\/en\/rentree-grands-formats-2023\/#primaryimage\"},\"image\":{\"@id\":\"https:\/\/www.grandsformats.com\/en\/rentree-grands-formats-2023\/#primaryimage\"},\"thumbnailUrl\":\"https:\/\/www.grandsformats.com\/wp-content\/uploads\/2023\/09\/ALE-credit-NINA-CHOLET.jpg\",\"datePublished\":\"2023-09-04T13:04:23+00:00\",\"dateModified\":\"2023-12-04T10:11:26+00:00\",\"description\":\"La Rentr\u00e9e Grands Formats se d\u00e9roulera du 25 octobre au 24 novembre 2022, avec pr\u00e8s d'une soixantaine de concerts !\",\"breadcrumb\":{\"@id\":\"https:\/\/www.grandsformats.com\/en\/rentree-grands-formats-2023\/#breadcrumb\"},\"inLanguage\":\"en-US\",\"potentialAction\":[{\"@type\":\"ReadAction\",\"target\":[\"https:\/\/www.grandsformats.com\/en\/rentree-grands-formats-2023\/\"]}]},{\"@type\":\"ImageObject\",\"inLanguage\":\"en-US\",\"@id\":\"https:\/\/www.grandsformats.com\/en\/rentree-grands-formats-2023\/#primaryimage\",\"url\":\"https:\/\/www.grandsformats.com\/wp-content\/uploads\/2023\/09\/ALE-credit-NINA-CHOLET.jpg\",\"contentUrl\":\"https:\/\/www.grandsformats.com\/wp-content\/uploads\/2023\/09\/ALE-credit-NINA-CHOLET.jpg\",\"width\":2048,\"height\":1536},{\"@type\":\"BreadcrumbList\",\"@id\":\"https:\/\/www.grandsformats.com\/en\/rentree-grands-formats-2023\/#breadcrumb\",\"itemListElement\":[{\"@type\":\"ListItem\",\"position\":1,\"name\":\"Accueil\",\"item\":\"https:\/\/www.grandsformats.com\/en\/\"},{\"@type\":\"ListItem\",\"position\":2,\"name\":\"Rentr\u00e9e Grands Formats 2023\"}]},{\"@type\":\"WebSite\",\"@id\":\"https:\/\/www.grandsformats.com\/#website\",\"url\":\"https:\/\/www.grandsformats.com\/\",\"name\":\"Site officiel de la f\u00e9d\u00e9ration Grands Formats\",\"description\":\"F\u00e9d\u00e9ration d&#039;artistes pour la musique en grand !\",\"publisher\":{\"@id\":\"https:\/\/www.grandsformats.com\/#organization\"},\"potentialAction\":[{\"@type\":\"SearchAction\",\"target\":{\"@type\":\"EntryPoint\",\"urlTemplate\":\"https:\/\/www.grandsformats.com\/?s={search_term_string}\"},\"query-input\":{\"@type\":\"PropertyValueSpecification\",\"valueRequired\":true,\"valueName\":\"search_term_string\"}}],\"inLanguage\":\"en-US\"},{\"@type\":\"Organization\",\"@id\":\"https:\/\/www.grandsformats.com\/#organization\",\"name\":\"Grands Formats\",\"url\":\"https:\/\/www.grandsformats.com\/\",\"logo\":{\"@type\":\"ImageObject\",\"inLanguage\":\"en-US\",\"@id\":\"https:\/\/www.grandsformats.com\/#\/schema\/logo\/image\/\",\"url\":\"https:\/\/www.grandsformats.com\/wp-content\/uploads\/2020\/03\/logo-GF-200.png\",\"contentUrl\":\"https:\/\/www.grandsformats.com\/wp-content\/uploads\/2020\/03\/logo-GF-200.png\",\"width\":155,\"height\":200,\"caption\":\"Grands Formats\"},\"image\":{\"@id\":\"https:\/\/www.grandsformats.com\/#\/schema\/logo\/image\/\"},\"sameAs\":[\"https:\/\/www.facebook.com\/grandsformats\/\",\"https:\/\/x.com\/GrandsFormatsGF\",\"https:\/\/www.instagram.com\/grandsformats\/\",\"https:\/\/www.youtube.com\/channel\/UCJ7k9dbqc_DG-nxI3WMPvhw?view_as=subscriberhttps:\/\/www.youtube.com\/channel\/UCJ7k9dbqc_DG-nxI3WMPvhw?view_as=subscriber\"]}]}<\/script>\n<!-- \/ Yoast SEO plugin. -->","yoast_head_json":{"title":"Rentr\u00e9e Grands Formats 2023 - Site officiel de la f\u00e9d\u00e9ration Grands Formats","description":"La Rentr\u00e9e Grands Formats se d\u00e9roulera du 25 octobre au 24 novembre 2022, avec pr\u00e8s d'une soixantaine de concerts !","robots":{"index":"index","follow":"follow","max-snippet":"max-snippet:-1","max-image-preview":"max-image-preview:large","max-video-preview":"max-video-preview:-1"},"canonical":"https:\/\/www.grandsformats.com\/en\/rentree-grands-formats-2023\/","og_locale":"en_US","og_type":"article","og_title":"Rentr\u00e9e Grands Formats 2023 - Site officiel de la f\u00e9d\u00e9ration Grands Formats","og_description":"La Rentr\u00e9e Grands Formats se d\u00e9roulera du 25 octobre au 24 novembre 2022, avec pr\u00e8s d'une soixantaine de concerts !","og_url":"https:\/\/www.grandsformats.com\/en\/rentree-grands-formats-2023\/","og_site_name":"Site officiel de la f\u00e9d\u00e9ration Grands Formats","article_publisher":"https:\/\/www.facebook.com\/grandsformats\/","article_modified_time":"2023-12-04T10:11:26+00:00","og_image":[{"width":2048,"height":1536,"url":"https:\/\/www.grandsformats.com\/wp-content\/uploads\/2023\/09\/ALE-credit-NINA-CHOLET.jpg","type":"image\/jpeg"}],"twitter_card":"summary_large_image","twitter_site":"@GrandsFormatsGF","twitter_misc":{"Est. reading time":"7 minutes"},"schema":{"@context":"https:\/\/schema.org","@graph":[{"@type":"WebPage","@id":"https:\/\/www.grandsformats.com\/en\/rentree-grands-formats-2023\/","url":"https:\/\/www.grandsformats.com\/en\/rentree-grands-formats-2023\/","name":"Rentr\u00e9e Grands Formats 2023 - Site officiel de la f\u00e9d\u00e9ration Grands Formats","isPartOf":{"@id":"https:\/\/www.grandsformats.com\/#website"},"primaryImageOfPage":{"@id":"https:\/\/www.grandsformats.com\/en\/rentree-grands-formats-2023\/#primaryimage"},"image":{"@id":"https:\/\/www.grandsformats.com\/en\/rentree-grands-formats-2023\/#primaryimage"},"thumbnailUrl":"https:\/\/www.grandsformats.com\/wp-content\/uploads\/2023\/09\/ALE-credit-NINA-CHOLET.jpg","datePublished":"2023-09-04T13:04:23+00:00","dateModified":"2023-12-04T10:11:26+00:00","description":"La Rentr\u00e9e Grands Formats se d\u00e9roulera du 25 octobre au 24 novembre 2022, avec pr\u00e8s d'une soixantaine de concerts !","breadcrumb":{"@id":"https:\/\/www.grandsformats.com\/en\/rentree-grands-formats-2023\/#breadcrumb"},"inLanguage":"en-US","potentialAction":[{"@type":"ReadAction","target":["https:\/\/www.grandsformats.com\/en\/rentree-grands-formats-2023\/"]}]},{"@type":"ImageObject","inLanguage":"en-US","@id":"https:\/\/www.grandsformats.com\/en\/rentree-grands-formats-2023\/#primaryimage","url":"https:\/\/www.grandsformats.com\/wp-content\/uploads\/2023\/09\/ALE-credit-NINA-CHOLET.jpg","contentUrl":"https:\/\/www.grandsformats.com\/wp-content\/uploads\/2023\/09\/ALE-credit-NINA-CHOLET.jpg","width":2048,"height":1536},{"@type":"BreadcrumbList","@id":"https:\/\/www.grandsformats.com\/en\/rentree-grands-formats-2023\/#breadcrumb","itemListElement":[{"@type":"ListItem","position":1,"name":"Accueil","item":"https:\/\/www.grandsformats.com\/en\/"},{"@type":"ListItem","position":2,"name":"Rentr\u00e9e Grands Formats 2023"}]},{"@type":"WebSite","@id":"https:\/\/www.grandsformats.com\/#website","url":"https:\/\/www.grandsformats.com\/","name":"Site officiel de la f\u00e9d\u00e9ration Grands Formats","description":"F\u00e9d\u00e9ration d&#039;artistes pour la musique en grand !","publisher":{"@id":"https:\/\/www.grandsformats.com\/#organization"},"potentialAction":[{"@type":"SearchAction","target":{"@type":"EntryPoint","urlTemplate":"https:\/\/www.grandsformats.com\/?s={search_term_string}"},"query-input":{"@type":"PropertyValueSpecification","valueRequired":true,"valueName":"search_term_string"}}],"inLanguage":"en-US"},{"@type":"Organization","@id":"https:\/\/www.grandsformats.com\/#organization","name":"Grands Formats","url":"https:\/\/www.grandsformats.com\/","logo":{"@type":"ImageObject","inLanguage":"en-US","@id":"https:\/\/www.grandsformats.com\/#\/schema\/logo\/image\/","url":"https:\/\/www.grandsformats.com\/wp-content\/uploads\/2020\/03\/logo-GF-200.png","contentUrl":"https:\/\/www.grandsformats.com\/wp-content\/uploads\/2020\/03\/logo-GF-200.png","width":155,"height":200,"caption":"Grands Formats"},"image":{"@id":"https:\/\/www.grandsformats.com\/#\/schema\/logo\/image\/"},"sameAs":["https:\/\/www.facebook.com\/grandsformats\/","https:\/\/x.com\/GrandsFormatsGF","https:\/\/www.instagram.com\/grandsformats\/","https:\/\/www.youtube.com\/channel\/UCJ7k9dbqc_DG-nxI3WMPvhw?view_as=subscriberhttps:\/\/www.youtube.com\/channel\/UCJ7k9dbqc_DG-nxI3WMPvhw?view_as=subscriber"]}]}},"_links":{"self":[{"href":"https:\/\/www.grandsformats.com\/en\/wp-json\/wp\/v2\/pages\/26707","targetHints":{"allow":["GET"]}}],"collection":[{"href":"https:\/\/www.grandsformats.com\/en\/wp-json\/wp\/v2\/pages"}],"about":[{"href":"https:\/\/www.grandsformats.com\/en\/wp-json\/wp\/v2\/types\/page"}],"author":[{"embeddable":true,"href":"https:\/\/www.grandsformats.com\/en\/wp-json\/wp\/v2\/users\/161"}],"replies":[{"embeddable":true,"href":"https:\/\/www.grandsformats.com\/en\/wp-json\/wp\/v2\/comments?post=26707"}],"version-history":[{"count":0,"href":"https:\/\/www.grandsformats.com\/en\/wp-json\/wp\/v2\/pages\/26707\/revisions"}],"wp:featuredmedia":[{"embeddable":true,"href":"https:\/\/www.grandsformats.com\/en\/wp-json\/wp\/v2\/media\/26711"}],"wp:attachment":[{"href":"https:\/\/www.grandsformats.com\/en\/wp-json\/wp\/v2\/media?parent=26707"}],"curies":[{"name":"wp","href":"https:\/\/api.w.org\/{rel}","templated":true}]}}