{"version":"1.0","provider_name":"Site officiel de la f\u00e9d\u00e9ration Grands Formats","provider_url":"https:\/\/www.grandsformats.com\/en\/","author_name":"Grands Formats","author_url":"https:\/\/www.grandsformats.com\/en\/author\/margaux\/","title":"\u00c9tude : cons\u00e9quences de la crise sur les \u00e9quipes artistiques - Site officiel de la f\u00e9d\u00e9ration Grands Formats","type":"rich","width":600,"height":338,"html":"<blockquote class=\"wp-embedded-content\" data-secret=\"DE3jUVvxCh\"><a href=\"https:\/\/www.grandsformats.com\/en\/2020\/09\/etude-consequences-de-la-crise-sanitaire-jazz\/\">\u00c9tude : cons\u00e9quences de la crise sur les \u00e9quipes artistiques<\/a><\/blockquote><iframe sandbox=\"allow-scripts\" security=\"restricted\" src=\"https:\/\/www.grandsformats.com\/en\/2020\/09\/etude-consequences-de-la-crise-sanitaire-jazz\/embed\/#?secret=DE3jUVvxCh\" width=\"600\" height=\"338\" title=\"&#8220;\u00c9tude : cons\u00e9quences de la crise sur les \u00e9quipes artistiques&#8221; &#8212; Site officiel de la f\u00e9d\u00e9ration Grands Formats\" data-secret=\"DE3jUVvxCh\" frameborder=\"0\" marginwidth=\"0\" marginheight=\"0\" scrolling=\"no\" class=\"wp-embedded-content\"><\/iframe><script type=\"text\/javascript\">\n\/* <![CDATA[ *\/\n\/*! This file is auto-generated *\/\n!function(d,l){\"use strict\";l.querySelector&&d.addEventListener&&\"undefined\"!=typeof URL&&(d.wp=d.wp||{},d.wp.receiveEmbedMessage||(d.wp.receiveEmbedMessage=function(e){var t=e.data;if((t||t.secret||t.message||t.value)&&!\/[^a-zA-Z0-9]\/.test(t.secret)){for(var s,r,n,a=l.querySelectorAll('iframe[data-secret=\"'+t.secret+'\"]'),o=l.querySelectorAll('blockquote[data-secret=\"'+t.secret+'\"]'),c=new RegExp(\"^https?:$\",\"i\"),i=0;i<o.length;i++)o[i].style.display=\"none\";for(i=0;i<a.length;i++)s=a[i],e.source===s.contentWindow&&(s.removeAttribute(\"style\"),\"height\"===t.message?(1e3<(r=parseInt(t.value,10))?r=1e3:~~r<200&&(r=200),s.height=r):\"link\"===t.message&&(r=new URL(s.getAttribute(\"src\")),n=new URL(t.value),c.test(n.protocol))&&n.host===r.host&&l.activeElement===s&&(d.top.location.href=t.value))}},d.addEventListener(\"message\",d.wp.receiveEmbedMessage,!1),l.addEventListener(\"DOMContentLoaded\",function(){for(var e,t,s=l.querySelectorAll(\"iframe.wp-embedded-content\"),r=0;r<s.length;r++)(t=(e=s[r]).getAttribute(\"data-secret\"))||(t=Math.random().toString(36).substring(2,12),e.src+=\"#?secret=\"+t,e.setAttribute(\"data-secret\",t)),e.contentWindow.postMessage({message:\"ready\",secret:t},\"*\")},!1)))}(window,document);\n\/* ]]> *\/\n<\/script>\n","thumbnail_url":"https:\/\/www.grandsformats.com\/wp-content\/uploads\/2020\/06\/KOA-Atlantique-Jazz-Festival-BMilpied-L1008074-BD.jpg","thumbnail_width":1920,"thumbnail_height":1080,"description":"Grands Formats a men\u00e9 une enqu\u00eate aupr\u00e8s de ses membres avant les cong\u00e9s de l&#8217;\u00e9t\u00e9 afin de rendre compte des cons\u00e9quences de la crise sanitaire li\u00e9e \u00e0 la Covid-19 sur l\u2019activit\u00e9 des \u00e9quipes artistiques du jazz et des musiques improvis\u00e9es. L&#8217;\u00e9tude rend compte d&#8217;une situation complexe et mena\u00e7ante pour l&#8217;avenir des musicien\u00b7ne\u00b7s, de la cr\u00e9ation...Continue reading"}