{"version":"1.0","provider_name":"Site officiel de la f\u00e9d\u00e9ration Grands Formats","provider_url":"https:\/\/www.grandsformats.com\/en\/","author_name":"Grands Formats","author_url":"https:\/\/www.grandsformats.com\/en\/author\/margaux\/","title":"L'European Jazz Network annul\u00e9 en 2020 - Site officiel de la f\u00e9d\u00e9ration Grands Formats","type":"rich","width":600,"height":338,"html":"<blockquote class=\"wp-embedded-content\" data-secret=\"WSjYW1fKZN\"><a href=\"https:\/\/www.grandsformats.com\/en\/2020\/07\/leuropean-jazz-network-annule-en-2020\/\">L&#8217;European Jazz Network annul\u00e9 en 2020<\/a><\/blockquote><iframe sandbox=\"allow-scripts\" security=\"restricted\" src=\"https:\/\/www.grandsformats.com\/en\/2020\/07\/leuropean-jazz-network-annule-en-2020\/embed\/#?secret=WSjYW1fKZN\" width=\"600\" height=\"338\" title=\"&#8220;L&#8217;European Jazz Network annul\u00e9 en 2020&#8221; &#8212; Site officiel de la f\u00e9d\u00e9ration Grands Formats\" data-secret=\"WSjYW1fKZN\" frameborder=\"0\" marginwidth=\"0\" marginheight=\"0\" scrolling=\"no\" class=\"wp-embedded-content\"><\/iframe><script type=\"text\/javascript\">\n\/* <![CDATA[ *\/\n\/*! This file is auto-generated *\/\n!function(d,l){\"use strict\";l.querySelector&&d.addEventListener&&\"undefined\"!=typeof URL&&(d.wp=d.wp||{},d.wp.receiveEmbedMessage||(d.wp.receiveEmbedMessage=function(e){var t=e.data;if((t||t.secret||t.message||t.value)&&!\/[^a-zA-Z0-9]\/.test(t.secret)){for(var s,r,n,a=l.querySelectorAll('iframe[data-secret=\"'+t.secret+'\"]'),o=l.querySelectorAll('blockquote[data-secret=\"'+t.secret+'\"]'),c=new RegExp(\"^https?:$\",\"i\"),i=0;i<o.length;i++)o[i].style.display=\"none\";for(i=0;i<a.length;i++)s=a[i],e.source===s.contentWindow&&(s.removeAttribute(\"style\"),\"height\"===t.message?(1e3<(r=parseInt(t.value,10))?r=1e3:~~r<200&&(r=200),s.height=r):\"link\"===t.message&&(r=new URL(s.getAttribute(\"src\")),n=new URL(t.value),c.test(n.protocol))&&n.host===r.host&&l.activeElement===s&&(d.top.location.href=t.value))}},d.addEventListener(\"message\",d.wp.receiveEmbedMessage,!1),l.addEventListener(\"DOMContentLoaded\",function(){for(var e,t,s=l.querySelectorAll(\"iframe.wp-embedded-content\"),r=0;r<s.length;r++)(t=(e=s[r]).getAttribute(\"data-secret\"))||(t=Math.random().toString(36).substring(2,12),e.src+=\"#?secret=\"+t,e.setAttribute(\"data-secret\",t)),e.contentWindow.postMessage({message:\"ready\",secret:t},\"*\")},!1)))}(window,document);\n\/* ]]> *\/\n<\/script>\n","thumbnail_url":"https:\/\/www.grandsformats.com\/wp-content\/uploads\/2020\/07\/Capture-d\u2019e\u0301cran-2020-07-27-a\u0300-14.37.26.png","thumbnail_width":832,"thumbnail_height":468,"description":"Les organisateurs de l&#8217;European Jazz Network ont annonc\u00e9 l&#8217;annulation de l&#8217;\u00e9dition 2020. L&#8217;European Jazz Network devait avoir lieu du 10 au 13 septembre \u00e0 Sofia (Bulgarie). La crise mondiale li\u00e9e \u00e0 la Coronavirus et les mesures sanitaires \u00e0 respecter et \u00e0 mettre en oeuvre ne permettent pas de r\u00e9aliser l&#8217;\u00e9v\u00e9nement. La fondation AtoZ qui organisait...Continue reading"}