{"version":"1.0","provider_name":"Site officiel de la f\u00e9d\u00e9ration Grands Formats","provider_url":"https:\/\/www.grandsformats.com\/en\/","author_name":"Grands Formats","author_url":"https:\/\/www.grandsformats.com\/en\/author\/margaux\/","title":"Le Capsul Collectif renforce ses dispositifs de m\u00e9diation - Site officiel de la f\u00e9d\u00e9ration Grands Formats","type":"rich","width":600,"height":338,"html":"<blockquote class=\"wp-embedded-content\" data-secret=\"G1F1Lc1HVh\"><a href=\"https:\/\/www.grandsformats.com\/en\/2020\/07\/le-capsul-collectif-renforce-ses-dispositifs-de-mediation\/\">Le Capsul Collectif renforce ses dispositifs de m\u00e9diation<\/a><\/blockquote><iframe sandbox=\"allow-scripts\" security=\"restricted\" src=\"https:\/\/www.grandsformats.com\/en\/2020\/07\/le-capsul-collectif-renforce-ses-dispositifs-de-mediation\/embed\/#?secret=G1F1Lc1HVh\" width=\"600\" height=\"338\" title=\"&#8220;Le Capsul Collectif renforce ses dispositifs de m\u00e9diation&#8221; &#8212; Site officiel de la f\u00e9d\u00e9ration Grands Formats\" data-secret=\"G1F1Lc1HVh\" frameborder=\"0\" marginwidth=\"0\" marginheight=\"0\" scrolling=\"no\" class=\"wp-embedded-content\"><\/iframe><script type=\"text\/javascript\">\n\/* <![CDATA[ *\/\n\/*! This file is auto-generated *\/\n!function(d,l){\"use strict\";l.querySelector&&d.addEventListener&&\"undefined\"!=typeof URL&&(d.wp=d.wp||{},d.wp.receiveEmbedMessage||(d.wp.receiveEmbedMessage=function(e){var t=e.data;if((t||t.secret||t.message||t.value)&&!\/[^a-zA-Z0-9]\/.test(t.secret)){for(var s,r,n,a=l.querySelectorAll('iframe[data-secret=\"'+t.secret+'\"]'),o=l.querySelectorAll('blockquote[data-secret=\"'+t.secret+'\"]'),c=new RegExp(\"^https?:$\",\"i\"),i=0;i<o.length;i++)o[i].style.display=\"none\";for(i=0;i<a.length;i++)s=a[i],e.source===s.contentWindow&&(s.removeAttribute(\"style\"),\"height\"===t.message?(1e3<(r=parseInt(t.value,10))?r=1e3:~~r<200&&(r=200),s.height=r):\"link\"===t.message&&(r=new URL(s.getAttribute(\"src\")),n=new URL(t.value),c.test(n.protocol))&&n.host===r.host&&l.activeElement===s&&(d.top.location.href=t.value))}},d.addEventListener(\"message\",d.wp.receiveEmbedMessage,!1),l.addEventListener(\"DOMContentLoaded\",function(){for(var e,t,s=l.querySelectorAll(\"iframe.wp-embedded-content\"),r=0;r<s.length;r++)(t=(e=s[r]).getAttribute(\"data-secret\"))||(t=Math.random().toString(36).substring(2,12),e.src+=\"#?secret=\"+t,e.setAttribute(\"data-secret\",t)),e.contentWindow.postMessage({message:\"ready\",secret:t},\"*\")},!1)))}(window,document);\n\/* ]]> *\/\n<\/script>\n","thumbnail_url":"https:\/\/www.grandsformats.com\/wp-content\/uploads\/2020\/07\/SiteinternetGF.jpg","thumbnail_width":1244,"thumbnail_height":700,"description":"Le Capsul Collectif porte, depuis 2017, un programme permanent de sensibilisation, ayant pour ambition de contrer des in\u00e9galit\u00e9s d&#8217;acc\u00e8s aux oeuvres et aux pratiques artistiques que subissent des habitants des quartiers populaires et les usagers de structures sociales. Ce programme se mat\u00e9rialise par la programmation de concerts, de conf\u00e9rences, d&#8217;ateliers de pratiques artistiques. Constatant que...Continue reading"}