{"version":"1.0","provider_name":"Site officiel de la f\u00e9d\u00e9ration Grands Formats","provider_url":"https:\/\/www.grandsformats.com\/en\/","author_name":"Grands Formats","author_url":"https:\/\/www.grandsformats.com\/en\/author\/margaux\/","title":"La f\u00e9d\u00e9ration sera au forum Jazz (Vienne) du 28 au 30 novembre - Site officiel de la f\u00e9d\u00e9ration Grands Formats","type":"rich","width":600,"height":338,"html":"<blockquote class=\"wp-embedded-content\" data-secret=\"yXvm6OLtZS\"><a href=\"https:\/\/www.grandsformats.com\/en\/2019\/11\/federation-sera-forum-jazz-vienne-28-30-novembre\/\">La f\u00e9d\u00e9ration sera au forum Jazz (Vienne) du 28 au 30 novembre<\/a><\/blockquote><iframe sandbox=\"allow-scripts\" security=\"restricted\" src=\"https:\/\/www.grandsformats.com\/en\/2019\/11\/federation-sera-forum-jazz-vienne-28-30-novembre\/embed\/#?secret=yXvm6OLtZS\" width=\"600\" height=\"338\" title=\"&#8220;La f\u00e9d\u00e9ration sera au forum Jazz (Vienne) du 28 au 30 novembre&#8221; &#8212; Site officiel de la f\u00e9d\u00e9ration Grands Formats\" data-secret=\"yXvm6OLtZS\" frameborder=\"0\" marginwidth=\"0\" marginheight=\"0\" scrolling=\"no\" class=\"wp-embedded-content\"><\/iframe><script type=\"text\/javascript\">\n\/* <![CDATA[ *\/\n\/*! This file is auto-generated *\/\n!function(d,l){\"use strict\";l.querySelector&&d.addEventListener&&\"undefined\"!=typeof URL&&(d.wp=d.wp||{},d.wp.receiveEmbedMessage||(d.wp.receiveEmbedMessage=function(e){var t=e.data;if((t||t.secret||t.message||t.value)&&!\/[^a-zA-Z0-9]\/.test(t.secret)){for(var s,r,n,a=l.querySelectorAll('iframe[data-secret=\"'+t.secret+'\"]'),o=l.querySelectorAll('blockquote[data-secret=\"'+t.secret+'\"]'),c=new RegExp(\"^https?:$\",\"i\"),i=0;i<o.length;i++)o[i].style.display=\"none\";for(i=0;i<a.length;i++)s=a[i],e.source===s.contentWindow&&(s.removeAttribute(\"style\"),\"height\"===t.message?(1e3<(r=parseInt(t.value,10))?r=1e3:~~r<200&&(r=200),s.height=r):\"link\"===t.message&&(r=new URL(s.getAttribute(\"src\")),n=new URL(t.value),c.test(n.protocol))&&n.host===r.host&&l.activeElement===s&&(d.top.location.href=t.value))}},d.addEventListener(\"message\",d.wp.receiveEmbedMessage,!1),l.addEventListener(\"DOMContentLoaded\",function(){for(var e,t,s=l.querySelectorAll(\"iframe.wp-embedded-content\"),r=0;r<s.length;r++)(t=(e=s[r]).getAttribute(\"data-secret\"))||(t=Math.random().toString(36).substring(2,12),e.src+=\"#?secret=\"+t,e.setAttribute(\"data-secret\",t)),e.contentWindow.postMessage({message:\"ready\",secret:t},\"*\")},!1)))}(window,document);\n\/* ]]> *\/\n<\/script>\n","thumbnail_url":"https:\/\/www.grandsformats.com\/wp-content\/uploads\/2020\/02\/jazz-focusNB.jpg","thumbnail_width":2000,"thumbnail_height":1333,"description":"Du 28 au 30 novembre, la f\u00e9d\u00e9ration Grands Formats sera \u00e0 la troisi\u00e8me \u00e9dition du Forum Jazz organis\u00e9 par Jazz(s)Ra. Elle interviendra lors de rencontres professionnelles et aupr\u00e8s de ses membres de la r\u00e9gion Auvergne Rh\u00f4ne Alpes. Rencontre avec les membres de la r\u00e9gion Auvergne Rh\u00f4ne Alpes Grands Formats invite l&#8217;ensemble des membres de la...Continue reading"}