{"version":"1.0","provider_name":"Site officiel de la f\u00e9d\u00e9ration Grands Formats","provider_url":"https:\/\/www.grandsformats.com\/en\/","author_name":"Grands Formats","author_url":"https:\/\/www.grandsformats.com\/en\/author\/margaux\/","title":"Cr\u00e9ation musicale : une obsolescence programm\u00e9e ? - Site officiel de la f\u00e9d\u00e9ration Grands Formats","type":"rich","width":600,"height":338,"html":"<blockquote class=\"wp-embedded-content\" data-secret=\"duu6oOuYWF\"><a href=\"https:\/\/www.grandsformats.com\/en\/2019\/07\/creation-musicale-obsolescence-programmee\/\">Cr\u00e9ation musicale : une obsolescence programm\u00e9e ?<\/a><\/blockquote><iframe sandbox=\"allow-scripts\" security=\"restricted\" src=\"https:\/\/www.grandsformats.com\/en\/2019\/07\/creation-musicale-obsolescence-programmee\/embed\/#?secret=duu6oOuYWF\" width=\"600\" height=\"338\" title=\"&#8220;Cr\u00e9ation musicale : une obsolescence programm\u00e9e ?&#8221; &#8212; Site officiel de la f\u00e9d\u00e9ration Grands Formats\" data-secret=\"duu6oOuYWF\" frameborder=\"0\" marginwidth=\"0\" marginheight=\"0\" scrolling=\"no\" class=\"wp-embedded-content\"><\/iframe><script type=\"text\/javascript\">\n\/* <![CDATA[ *\/\n\/*! This file is auto-generated *\/\n!function(d,l){\"use strict\";l.querySelector&&d.addEventListener&&\"undefined\"!=typeof URL&&(d.wp=d.wp||{},d.wp.receiveEmbedMessage||(d.wp.receiveEmbedMessage=function(e){var t=e.data;if((t||t.secret||t.message||t.value)&&!\/[^a-zA-Z0-9]\/.test(t.secret)){for(var s,r,n,a=l.querySelectorAll('iframe[data-secret=\"'+t.secret+'\"]'),o=l.querySelectorAll('blockquote[data-secret=\"'+t.secret+'\"]'),c=new RegExp(\"^https?:$\",\"i\"),i=0;i<o.length;i++)o[i].style.display=\"none\";for(i=0;i<a.length;i++)s=a[i],e.source===s.contentWindow&&(s.removeAttribute(\"style\"),\"height\"===t.message?(1e3<(r=parseInt(t.value,10))?r=1e3:~~r<200&&(r=200),s.height=r):\"link\"===t.message&&(r=new URL(s.getAttribute(\"src\")),n=new URL(t.value),c.test(n.protocol))&&n.host===r.host&&l.activeElement===s&&(d.top.location.href=t.value))}},d.addEventListener(\"message\",d.wp.receiveEmbedMessage,!1),l.addEventListener(\"DOMContentLoaded\",function(){for(var e,t,s=l.querySelectorAll(\"iframe.wp-embedded-content\"),r=0;r<s.length;r++)(t=(e=s[r]).getAttribute(\"data-secret\"))||(t=Math.random().toString(36).substring(2,12),e.src+=\"#?secret=\"+t,e.setAttribute(\"data-secret\",t)),e.contentWindow.postMessage({message:\"ready\",secret:t},\"*\")},!1)))}(window,document);\n\/* ]]> *\/\n<\/script>\n","thumbnail_url":"https:\/\/www.grandsformats.com\/wp-content\/uploads\/2020\/03\/Article-Communique-GF.jpg","thumbnail_width":1920,"thumbnail_height":1080,"description":"Face \u00e0 l\u2019empilement de sujets sensibles autour de la cr\u00e9ation musicale, Grands Formats,\u00a0Futurs Compos\u00e9s, Profedim, AJC Jazz et Fevis \u2013 F\u00e9d\u00e9ration des Ensembles Vocaux et Instrumentaux Sp\u00e9cialis\u00e9s\u00a0signent ensemble un communiqu\u00e9\u00a0d\u00e9non\u00e7ant une situation grave, notamment autour des grands axes que sont le Centre National de la Musique, la suppression des \u00e9missions de cr\u00e9ation sur France Musique,...Continue reading"}