{"version":"1.0","provider_name":"Site officiel de la f\u00e9d\u00e9ration Grands Formats","provider_url":"https:\/\/www.grandsformats.com\/en\/","author_name":"Grands Formats","author_url":"https:\/\/www.grandsformats.com\/en\/author\/margaux\/","title":"Rentr\u00e9e Grands Formats 2019 : save the date ! - Site officiel de la f\u00e9d\u00e9ration Grands Formats","type":"rich","width":600,"height":338,"html":"<blockquote class=\"wp-embedded-content\" data-secret=\"C2ObQF6g0E\"><a href=\"https:\/\/www.grandsformats.com\/en\/2019\/05\/edito\/\">Rentr\u00e9e Grands Formats 2019 : save the date !<\/a><\/blockquote><iframe sandbox=\"allow-scripts\" security=\"restricted\" src=\"https:\/\/www.grandsformats.com\/en\/2019\/05\/edito\/embed\/#?secret=C2ObQF6g0E\" width=\"600\" height=\"338\" title=\"&#8220;Rentr\u00e9e Grands Formats 2019 : save the date !&#8221; &#8212; Site officiel de la f\u00e9d\u00e9ration Grands Formats\" data-secret=\"C2ObQF6g0E\" frameborder=\"0\" marginwidth=\"0\" marginheight=\"0\" scrolling=\"no\" class=\"wp-embedded-content\"><\/iframe><script type=\"text\/javascript\">\n\/* <![CDATA[ *\/\n\/*! This file is auto-generated *\/\n!function(d,l){\"use strict\";l.querySelector&&d.addEventListener&&\"undefined\"!=typeof URL&&(d.wp=d.wp||{},d.wp.receiveEmbedMessage||(d.wp.receiveEmbedMessage=function(e){var t=e.data;if((t||t.secret||t.message||t.value)&&!\/[^a-zA-Z0-9]\/.test(t.secret)){for(var s,r,n,a=l.querySelectorAll('iframe[data-secret=\"'+t.secret+'\"]'),o=l.querySelectorAll('blockquote[data-secret=\"'+t.secret+'\"]'),c=new RegExp(\"^https?:$\",\"i\"),i=0;i<o.length;i++)o[i].style.display=\"none\";for(i=0;i<a.length;i++)s=a[i],e.source===s.contentWindow&&(s.removeAttribute(\"style\"),\"height\"===t.message?(1e3<(r=parseInt(t.value,10))?r=1e3:~~r<200&&(r=200),s.height=r):\"link\"===t.message&&(r=new URL(s.getAttribute(\"src\")),n=new URL(t.value),c.test(n.protocol))&&n.host===r.host&&l.activeElement===s&&(d.top.location.href=t.value))}},d.addEventListener(\"message\",d.wp.receiveEmbedMessage,!1),l.addEventListener(\"DOMContentLoaded\",function(){for(var e,t,s=l.querySelectorAll(\"iframe.wp-embedded-content\"),r=0;r<s.length;r++)(t=(e=s[r]).getAttribute(\"data-secret\"))||(t=Math.random().toString(36).substring(2,12),e.src+=\"#?secret=\"+t,e.setAttribute(\"data-secret\",t)),e.contentWindow.postMessage({message:\"ready\",secret:t},\"*\")},!1)))}(window,document);\n\/* ]]> *\/\n<\/script>\n","thumbnail_url":null,"thumbnail_width":null,"thumbnail_height":null,"description":"Ca y est c\u2019est officiel ! Le lancement de la prochaine\u00a0Rentr\u00e9e Grands Formats se d\u00e9roulera cette ann\u00e9e\u00a0les 10, 11 et 12 octobre prochain \u00e0 Brest, en partenariat avec la sc\u00e8ne\u00a0nationale \u00ab Le Quartz \u00bb et la sc\u00e8ne nomade de musiques libres\u00a0\u00ab Plages\u00a0Magn\u00e9tiques\u00bb dans le cadre de l&#8217;Atlantique Jazz Festival. La Rentr\u00e9e, vous en entendez parler...Continue reading"}