{"version":"1.0","provider_name":"Site officiel de la f\u00e9d\u00e9ration Grands Formats","provider_url":"https:\/\/www.grandsformats.com\/en\/","author_name":"Grands Formats","author_url":"https:\/\/www.grandsformats.com\/en\/author\/margaux\/","title":"Rencontres nationales Accord Majeur - Site officiel de la f\u00e9d\u00e9ration Grands Formats","type":"rich","width":600,"height":338,"html":"<blockquote class=\"wp-embedded-content\" data-secret=\"ZELBM2bL3d\"><a href=\"https:\/\/www.grandsformats.com\/en\/2019\/04\/rencontres-nationales-accord-majeur\/\">Rencontres nationales Accord Majeur<\/a><\/blockquote><iframe sandbox=\"allow-scripts\" security=\"restricted\" src=\"https:\/\/www.grandsformats.com\/en\/2019\/04\/rencontres-nationales-accord-majeur\/embed\/#?secret=ZELBM2bL3d\" width=\"600\" height=\"338\" title=\"&#8220;Rencontres nationales Accord Majeur&#8221; &#8212; Site officiel de la f\u00e9d\u00e9ration Grands Formats\" data-secret=\"ZELBM2bL3d\" frameborder=\"0\" marginwidth=\"0\" marginheight=\"0\" scrolling=\"no\" class=\"wp-embedded-content\"><\/iframe><script type=\"text\/javascript\">\n\/* <![CDATA[ *\/\n\/*! This file is auto-generated *\/\n!function(d,l){\"use strict\";l.querySelector&&d.addEventListener&&\"undefined\"!=typeof URL&&(d.wp=d.wp||{},d.wp.receiveEmbedMessage||(d.wp.receiveEmbedMessage=function(e){var t=e.data;if((t||t.secret||t.message||t.value)&&!\/[^a-zA-Z0-9]\/.test(t.secret)){for(var s,r,n,a=l.querySelectorAll('iframe[data-secret=\"'+t.secret+'\"]'),o=l.querySelectorAll('blockquote[data-secret=\"'+t.secret+'\"]'),c=new RegExp(\"^https?:$\",\"i\"),i=0;i<o.length;i++)o[i].style.display=\"none\";for(i=0;i<a.length;i++)s=a[i],e.source===s.contentWindow&&(s.removeAttribute(\"style\"),\"height\"===t.message?(1e3<(r=parseInt(t.value,10))?r=1e3:~~r<200&&(r=200),s.height=r):\"link\"===t.message&&(r=new URL(s.getAttribute(\"src\")),n=new URL(t.value),c.test(n.protocol))&&n.host===r.host&&l.activeElement===s&&(d.top.location.href=t.value))}},d.addEventListener(\"message\",d.wp.receiveEmbedMessage,!1),l.addEventListener(\"DOMContentLoaded\",function(){for(var e,t,s=l.querySelectorAll(\"iframe.wp-embedded-content\"),r=0;r<s.length;r++)(t=(e=s[r]).getAttribute(\"data-secret\"))||(t=Math.random().toString(36).substring(2,12),e.src+=\"#?secret=\"+t,e.setAttribute(\"data-secret\",t)),e.contentWindow.postMessage({message:\"ready\",secret:t},\"*\")},!1)))}(window,document);\n\/* ]]> *\/\n<\/script>\n","thumbnail_url":null,"thumbnail_width":null,"thumbnail_height":null,"description":"Les 8\u00e8mes rencontres nationales Accord Majeur Rendez-vous le 9 juillet prochain \u00e0 Aix-en-Provence pour les 8\u00e8mes rencontres nationales Accord Majeur, co-organis\u00e9es par Grands Formats, l\u2019AFO, la FEVIS, France Festivals, Futurs Compos\u00e9s, les Forces Musicales, Profedim, le REMA et la ROF\u00a0! Le fil rouge de cette 8\u00e8me \u00e9dition sera \u00ab\u00a0La musique sur ordonnance. Comment la musique...Continue reading"}